{"id":213,"date":"2020-08-31T12:34:28","date_gmt":"2020-08-31T10:34:28","guid":{"rendered":"http:\/\/www.cliniquedudroit.fr\/?page_id=213"},"modified":"2020-08-31T12:34:29","modified_gmt":"2020-08-31T10:34:29","slug":"plateforme-juridique-ocean-2017","status":"publish","type":"page","link":"https:\/\/www.cliniquedudroit.fr\/index.php\/plateforme-juridique-ocean-2017\/","title":{"rendered":"Plateforme juridique Oc\u00e9an &#8211; 2017"},"content":{"rendered":"\n<p><strong>Depuis 2011, <\/strong><a href=\"https:\/\/web.archive.org\/web\/20200228213800\/http:\/www.u-bordeaux.fr\/\"><strong>l\u2019universit\u00e9 de Bordeaux<\/strong><\/a><strong> \u2013 France (ci-apr\u00e8s d\u00e9nomm\u00e9e<\/strong> UB) et l\u2019<a href=\"https:\/\/web.archive.org\/web\/20200228213800\/http:\/www.ehu.eus\/fr\/\"><strong>universit\u00e9 du Pays-Basque<\/strong><\/a>\u2013 Espagne (ci-apr\u00e8s d\u00e9nomm\u00e9e <strong>UPV\/EHU<\/strong>) se sont engag\u00e9es dans une coop\u00e9ration \u00e9troite visant \u00e0 l\u2019\u00e9mergence d\u2019un campus euro-r\u00e9gional et transfrontalier rayonnant \u00e0 l\u2019international. Cette coop\u00e9ration s\u2019organise autour d\u2019une feuille de route op\u00e9rationnelle ciblant la formation, la recherche et le transfert des savoirs et des domaines scientifiques prioritaires.<\/p>\n\n\n\n<p>C\u2019est dans ce contexte que s\u2019inscrit la cr\u00e9ation du <a href=\"https:\/\/web.archive.org\/web\/20200228213800\/http:\/idex.u-bordeaux.fr\/fr\/n\/Formations-de-demain\/Plateforme-Ocean-Experiences\/r3288.html\"><strong>Campus Oc\u00e9an <\/strong><\/a><strong>(<\/strong>Plateforme Oc\u00e9an Exp\u00e9riences<strong>)<\/strong>, antenne de l\u2019Universit\u00e9 de Bordeaux d\u00e9localis\u00e9e \u00e0 Socoa, dont la vocation est de former aux m\u00e9tiers du sport, et de devenir un p\u00f4le majeur sur les questions li\u00e9es au littoral basque. En 2015 l\u2019universit\u00e9 de Bordeaux, en partenariat avec l\u2019Agglom\u00e9ration Sud Pays Basque et la Fondation EUSKAMPUS s\u2019engage dans ce projet&nbsp;apr\u00e8s la signature d\u2019une convention regroupant les acteurs territoriaux du Sud Pays Basque et les industriels de la glisse repr\u00e9sent\u00e9s par l\u2019association EuroSIMA Cluster (180 entreprises actives dans l\u2019univers Glisse, 122 marques et 58 prestataires de services) pr\u00e9voyant la cr\u00e9ation d\u2019un Living Lab,&nbsp; d\u2019une halle cr\u00e9ative, et d\u2019un acc\u00e9l\u00e9rateur de start-ups.<\/p>\n\n\n\n<p>Parall\u00e8lement, l\u2019UB et l\u2019UPV-EHU, d\u00e9marrent une r\u00e9flexion sur la p\u00e9dagogie innovante dans la fili\u00e8re droit avec notamment la cr\u00e9ation \u00e0 Bordeaux en 2013, sous l\u2019\u00e9gide du Forum Montesquieu, centre d\u2019innovation soci\u00e9tale de la Facult\u00e9 de droit et de science politique, d\u2019une clinique juridique. C\u2019est tout naturellement que ces diff\u00e9rents projets se rencontrent en 2016 et d\u00e9cident de collaborer dans le cadre d\u2019un projet transversal et transfrontalier autour des probl\u00e8mes juridiques de la zone littorale du Pays-Basque.<\/p>\n\n\n\n<p>De cette rencontre na\u00eet la Plateforme Juridique Oc\u00e9an.<\/p>\n\n\n\n<div class=\"wp-block-image\"><figure class=\"aligncenter size-large\"><img loading=\"lazy\" decoding=\"async\" width=\"299\" height=\"199\" src=\"http:\/\/www.cliniquedudroit.fr\/wp-content\/uploads\/2020\/08\/etudiantsPO.png\" alt=\"\" class=\"wp-image-214\"\/><\/figure><\/div>\n\n\n\n<p>La Plateforme Juridique Oc\u00e9an a pour finalit\u00e9 la cr\u00e9ation d\u2019une future clinique juridique ad hoc visant \u00e0 d\u00e9livrer des informations juridiques li\u00e9es aux probl\u00e9matiques de la zone littorale. Dans cette perspective, une \u00e9quipe compos\u00e9e de 6 \u00e9tudiants de l\u2019universit\u00e9 du Pays-Basque \/ Donostia (\u00e9quipe UPV\/EHU) et une \u00e9quipe de 6 \u00e9tudiants de l\u2019universit\u00e9 de Bordeaux (\u00e9quipe UB) ont \u00e9t\u00e9 charg\u00e9s \u00e0 la suite d\u2019une enqu\u00eate sur le terrain, de faire \u00e9merger les probl\u00e8mes juridiques de cet espace si singulier.<\/p>\n\n\n\n<p>Vous pouvez d\u00e9couvrir ci-dessous le Rapport \u00ab\u00a0Probl\u00e8mes Juridiques de la zone littorale du Pays-Basque\u00a0\u00bb tir\u00e9 de la premi\u00e8re ann\u00e9e de ce projet :<\/p>\n\n\n\n<div class=\"wp-block-file aligncenter\"><a href=\"http:\/\/www.cliniquedudroit.fr\/wp-content\/uploads\/2020\/08\/Les-problemes-juridiques-de-la-zone-littorale-du-Pays-Basque_-Juin-2017.pdf\">Les-problemes-juridiques-de-la-zone-littorale-du-Pays-Basque_-Juin-2017<\/a><a href=\"http:\/\/www.cliniquedudroit.fr\/wp-content\/uploads\/2020\/08\/Les-problemes-juridiques-de-la-zone-littorale-du-Pays-Basque_-Juin-2017.pdf\" class=\"wp-block-file__button\" download>T\u00e9l\u00e9charger<\/a><\/div>\n\n\n\n<p><\/p>\n","protected":false},"excerpt":{"rendered":"<p>Depuis 2011, l\u2019universit\u00e9 de Bordeaux \u2013 France (ci-apr\u00e8s d\u00e9nomm\u00e9e UB) et l\u2019universit\u00e9 du Pays-Basque\u2013 Espagne (ci-apr\u00e8s d\u00e9nomm\u00e9e UPV\/EHU) se sont engag\u00e9es dans une coop\u00e9ration \u00e9troite visant \u00e0 l\u2019\u00e9mergence d\u2019un campus euro-r\u00e9gional et transfrontalier rayonnant \u00e0 l\u2019international. Cette coop\u00e9ration s\u2019organise autour d\u2019une feuille de route op\u00e9rationnelle ciblant la formation, la recherche et le transfert des savoirs [&hellip;]<\/p>\n","protected":false},"author":1,"featured_media":0,"parent":0,"menu_order":0,"comment_status":"closed","ping_status":"closed","template":"","meta":{"footnotes":""},"_links":{"self":[{"href":"https:\/\/www.cliniquedudroit.fr\/index.php\/wp-json\/wp\/v2\/pages\/213"}],"collection":[{"href":"https:\/\/www.cliniquedudroit.fr\/index.php\/wp-json\/wp\/v2\/pages"}],"about":[{"href":"https:\/\/www.cliniquedudroit.fr\/index.php\/wp-json\/wp\/v2\/types\/page"}],"author":[{"embeddable":true,"href":"https:\/\/www.cliniquedudroit.fr\/index.php\/wp-json\/wp\/v2\/users\/1"}],"replies":[{"embeddable":true,"href":"https:\/\/www.cliniquedudroit.fr\/index.php\/wp-json\/wp\/v2\/comments?post=213"}],"version-history":[{"count":1,"href":"https:\/\/www.cliniquedudroit.fr\/index.php\/wp-json\/wp\/v2\/pages\/213\/revisions"}],"predecessor-version":[{"id":216,"href":"https:\/\/www.cliniquedudroit.fr\/index.php\/wp-json\/wp\/v2\/pages\/213\/revisions\/216"}],"wp:attachment":[{"href":"https:\/\/www.cliniquedudroit.fr\/index.php\/wp-json\/wp\/v2\/media?parent=213"}],"curies":[{"name":"wp","href":"https:\/\/api.w.org\/{rel}","templated":true}]}}